{"id":13,"date":"2018-05-21T16:25:12","date_gmt":"2018-05-21T16:25:12","guid":{"rendered":"http:\/\/eltallerdelpa.com\/?page_id=13"},"modified":"2021-10-05T07:51:32","modified_gmt":"2021-10-05T07:51:32","slug":"los-panes","status":"publish","type":"page","link":"https:\/\/eltallerdelpa.com\/?page_id=13","title":{"rendered":"LOS PANES"},"content":{"rendered":"<div id=\"pl-13\"  class=\"panel-layout\" ><div id=\"pg-13-0\"  class=\"panel-grid panel-no-style\" ><div id=\"pgc-13-0-0\"  class=\"panel-grid-cell\" ><div id=\"panel-13-0-0-0\" class=\"so-panel widget widget_sow-editor panel-first-child panel-last-child\" data-index=\"0\" ><div\n\t\t\t\n\t\t\tclass=\"so-widget-sow-editor so-widget-sow-editor-base\"\n\t\t\t\n\t\t>\n<div class=\"siteorigin-widget-tinymce textwidget\">\n\t<h5 style=\"text-align: center;\">DE ELABORACI\u00d3N TRADICIONAL GALLEGA<\/h5>\n<h6>El pan gallego se caracteriza por elaborarse con trigo y centeno, tener una corteza dura y gruesa, y una miga alveolada.<\/h6>\n<\/div>\n<\/div><\/div><\/div><\/div><div id=\"pg-13-1\"  class=\"panel-grid panel-no-style\" ><div id=\"pgc-13-1-0\"  class=\"panel-grid-cell\" ><div id=\"panel-13-1-0-0\" class=\"so-panel widget widget_foogallery_widget foogallery_widget panel-first-child\" data-index=\"1\" ><style type=\"text\/css\">\r\n\t#foogallery-gallery-312 .fg-image {\r\n        width: 750px;\r\n    }\r\n<\/style>\r\n\t\t\t\t<div class=\"foogallery foogallery-container foogallery-default foogallery-lightbox-none fg-gutter-10 fg-center fg-default fg-light fg-border-thin fg-shadow-outline fg-loading-default fg-loaded-fade-in fg-caption-hover fg-hover-fade fg-ready\" id=\"foogallery-gallery-312\" data-foogallery=\"{&quot;item&quot;:{&quot;showCaptionTitle&quot;:true,&quot;showCaptionDescription&quot;:true},&quot;lazy&quot;:true}\" >\r\n\t<div class=\"fg-item fg-type-image fg-idle\"><figure class=\"fg-item-inner\"><a data-caption-title=\"LA BARRA\" data-attachment-id=\"434\" data-type=\"image\" class=\"fg-thumb\"><span class=\"fg-image-wrap\"><img fetchpriority=\"high\" decoding=\"async\" width=\"750\" height=\"850\" class=\"skip-lazy fg-image\" data-src-fg=\"https:\/\/eltallerdelpa.com\/wp-content\/uploads\/2018\/05\/4Puntas-3.jpg\" src=\"data:image\/svg+xml,%3Csvg%20xmlns%3D%22http%3A%2F%2Fwww.w3.org%2F2000%2Fsvg%22%20width%3D%22750%22%20height%3D%22850%22%20viewBox%3D%220%200%20750%20850%22%3E%3C%2Fsvg%3E\" loading=\"eager\"><\/span><span class=\"fg-image-overlay\"><\/span><\/a><figcaption class=\"fg-caption\"><div class=\"fg-caption-inner\"><div class=\"fg-caption-title\">LA BARRA<\/div><\/div><\/figcaption><\/figure><div class=\"fg-loader\"><\/div><\/div><\/div>\r\n<\/div><div id=\"panel-13-1-0-1\" class=\"so-panel widget widget_sow-editor panel-last-child\" data-index=\"2\" ><div\n\t\t\t\n\t\t\tclass=\"so-widget-sow-editor so-widget-sow-editor-base\"\n\t\t\t\n\t\t>\n<div class=\"siteorigin-widget-tinymce textwidget\">\n\t<p style=\"text-align: center;\">LA BARRA<\/p>\n<p>De miga oscura y tierna y corteza gruesa y crujiente. Para acompa\u00f1ar todas las comidas.<\/p>\n<\/div>\n<\/div><\/div><\/div><div id=\"pgc-13-1-1\"  class=\"panel-grid-cell\" ><div id=\"panel-13-1-1-0\" class=\"so-panel widget widget_foogallery_widget foogallery_widget panel-first-child\" data-index=\"3\" ><style type=\"text\/css\">\r\n\t#foogallery-gallery-666 .fg-image {\r\n        width: 750px;\r\n    }\r\n<\/style>\r\n\t\t\t\t<div class=\"foogallery foogallery-container foogallery-default foogallery-lightbox-none fg-gutter-10 fg-center fg-default fg-light fg-border-thin fg-shadow-outline fg-loading-default fg-loaded-fade-in fg-caption-hover fg-hover-fade fg-ready\" id=\"foogallery-gallery-666\" data-foogallery=\"{&quot;item&quot;:{&quot;showCaptionTitle&quot;:true,&quot;showCaptionDescription&quot;:true},&quot;lazy&quot;:true}\" >\r\n\t<div class=\"fg-item fg-type-image fg-idle\"><figure class=\"fg-item-inner\"><a data-caption-title=\"EL CHUSCO\" data-attachment-id=\"667\" data-type=\"image\" class=\"fg-thumb\"><span class=\"fg-image-wrap\"><img decoding=\"async\" width=\"750\" height=\"850\" class=\"skip-lazy fg-image\" data-src-fg=\"https:\/\/eltallerdelpa.com\/wp-content\/uploads\/2018\/07\/image2-1.jpeg\" src=\"data:image\/svg+xml,%3Csvg%20xmlns%3D%22http%3A%2F%2Fwww.w3.org%2F2000%2Fsvg%22%20width%3D%22750%22%20height%3D%22850%22%20viewBox%3D%220%200%20750%20850%22%3E%3C%2Fsvg%3E\" loading=\"eager\"><\/span><span class=\"fg-image-overlay\"><\/span><\/a><figcaption class=\"fg-caption\"><div class=\"fg-caption-inner\"><div class=\"fg-caption-title\">EL CHUSCO<\/div><\/div><\/figcaption><\/figure><div class=\"fg-loader\"><\/div><\/div><\/div>\r\n<\/div><div id=\"panel-13-1-1-1\" class=\"so-panel widget widget_sow-editor panel-last-child\" data-index=\"4\" ><div\n\t\t\t\n\t\t\tclass=\"so-widget-sow-editor so-widget-sow-editor-base\"\n\t\t\t\n\t\t>\n<div class=\"siteorigin-widget-tinymce textwidget\">\n\t<p style=\"text-align: center;\">EL CHUSCO<\/p>\n<p>Elaborado igual que la barra, pero pensada para comidas m\u00e1s multitudinarias.<\/p>\n<\/div>\n<\/div><\/div><\/div><div id=\"pgc-13-1-2\"  class=\"panel-grid-cell\" ><div id=\"panel-13-1-2-0\" class=\"so-panel widget widget_foogallery_widget foogallery_widget panel-first-child\" data-index=\"5\" ><style type=\"text\/css\">\r\n\t#foogallery-gallery-323 .fg-image {\r\n        width: 750px;\r\n    }\r\n<\/style>\r\n\t\t\t\t<div class=\"foogallery foogallery-container foogallery-default foogallery-lightbox-none fg-gutter-10 fg-center fg-default fg-light fg-border-thin fg-shadow-outline fg-loading-default fg-loaded-fade-in fg-caption-hover fg-hover-fade fg-ready\" id=\"foogallery-gallery-323\" data-foogallery=\"{&quot;item&quot;:{&quot;showCaptionTitle&quot;:true,&quot;showCaptionDescription&quot;:true},&quot;lazy&quot;:true}\" >\r\n\t<div class=\"fg-item fg-type-image fg-idle\"><figure class=\"fg-item-inner\"><a data-caption-title=\"LA HOGAZA\" data-attachment-id=\"435\" data-type=\"image\" class=\"fg-thumb\"><span class=\"fg-image-wrap\"><img decoding=\"async\" width=\"750\" height=\"850\" class=\"skip-lazy fg-image\" data-src-fg=\"https:\/\/eltallerdelpa.com\/wp-content\/uploads\/2018\/05\/Mediterraneo-3-2.jpg\" src=\"data:image\/svg+xml,%3Csvg%20xmlns%3D%22http%3A%2F%2Fwww.w3.org%2F2000%2Fsvg%22%20width%3D%22750%22%20height%3D%22850%22%20viewBox%3D%220%200%20750%20850%22%3E%3C%2Fsvg%3E\" loading=\"eager\"><\/span><span class=\"fg-image-overlay\"><\/span><\/a><figcaption class=\"fg-caption\"><div class=\"fg-caption-inner\"><div class=\"fg-caption-title\">LA HOGAZA<\/div><\/div><\/figcaption><\/figure><div class=\"fg-loader\"><\/div><\/div><\/div>\r\n<\/div><div id=\"panel-13-1-2-1\" class=\"so-panel widget widget_sow-editor panel-last-child\" data-index=\"6\" ><div\n\t\t\t\n\t\t\tclass=\"so-widget-sow-editor so-widget-sow-editor-base\"\n\t\t\t\n\t\t>\n<div class=\"siteorigin-widget-tinymce textwidget\">\n\t<p style=\"text-align: center;\">LA HOGAZA<\/p>\n<p>De corteza gruesa y miga aireada. Perfecto para mojar en guisos y cocidos.<\/p>\n<\/div>\n<\/div><\/div><\/div><\/div><div id=\"pg-13-2\"  class=\"panel-grid panel-no-style\" ><div id=\"pgc-13-2-0\"  class=\"panel-grid-cell\" ><div id=\"panel-13-2-0-0\" class=\"so-panel widget widget_foogallery_widget foogallery_widget panel-first-child\" data-index=\"7\" ><style type=\"text\/css\">\r\n\t#foogallery-gallery-334 .fg-image {\r\n        width: 750px;\r\n    }\r\n<\/style>\r\n\t\t\t\t<div class=\"foogallery foogallery-container foogallery-default foogallery-lightbox-none fg-gutter-10 fg-center fg-default fg-light fg-border-thin fg-shadow-outline fg-loading-default fg-loaded-fade-in fg-caption-hover fg-hover-fade fg-ready\" id=\"foogallery-gallery-334\" data-foogallery=\"{&quot;item&quot;:{&quot;showCaptionTitle&quot;:true,&quot;showCaptionDescription&quot;:true},&quot;lazy&quot;:true}\" >\r\n\t<div class=\"fg-item fg-type-image fg-idle\"><figure class=\"fg-item-inner\"><a data-caption-title=\"LA ROSCA\" data-attachment-id=\"335\" data-type=\"image\" class=\"fg-thumb\"><span class=\"fg-image-wrap\"><img decoding=\"async\" width=\"750\" height=\"850\" class=\"skip-lazy fg-image\" data-src-fg=\"https:\/\/eltallerdelpa.com\/wp-content\/uploads\/2018\/05\/Rosca-3.jpg\" src=\"data:image\/svg+xml,%3Csvg%20xmlns%3D%22http%3A%2F%2Fwww.w3.org%2F2000%2Fsvg%22%20width%3D%22750%22%20height%3D%22850%22%20viewBox%3D%220%200%20750%20850%22%3E%3C%2Fsvg%3E\" loading=\"eager\"><\/span><span class=\"fg-image-overlay\"><\/span><\/a><figcaption class=\"fg-caption\"><div class=\"fg-caption-inner\"><div class=\"fg-caption-title\">LA ROSCA<\/div><\/div><\/figcaption><\/figure><div class=\"fg-loader\"><\/div><\/div><\/div>\r\n<\/div><div id=\"panel-13-2-0-1\" class=\"so-panel widget widget_sow-editor panel-last-child\" data-index=\"8\" ><div\n\t\t\t\n\t\t\tclass=\"so-widget-sow-editor so-widget-sow-editor-base\"\n\t\t\t\n\t\t>\n<div class=\"siteorigin-widget-tinymce textwidget\">\n\t<p style=\"text-align: center;\">LA ROSCA<\/p>\n<p>El pan ideal para los amantes de la corteza<\/p>\n<\/div>\n<\/div><\/div><\/div><div id=\"pgc-13-2-1\"  class=\"panel-grid-cell\" ><div id=\"panel-13-2-1-0\" class=\"so-panel widget widget_foogallery_widget foogallery_widget panel-first-child\" data-index=\"9\" ><style type=\"text\/css\">\r\n\t#foogallery-gallery-336 .fg-image {\r\n        width: 750px;\r\n    }\r\n<\/style>\r\n\t\t\t\t<div class=\"foogallery foogallery-container foogallery-default foogallery-lightbox-none fg-gutter-10 fg-center fg-default fg-light fg-border-thin fg-shadow-outline fg-loading-default fg-loaded-fade-in fg-caption-hover fg-hover-fade fg-ready\" id=\"foogallery-gallery-336\" data-foogallery=\"{&quot;item&quot;:{&quot;showCaptionTitle&quot;:true,&quot;showCaptionDescription&quot;:true},&quot;lazy&quot;:true}\" >\r\n\t<div class=\"fg-item fg-type-image fg-idle\"><figure class=\"fg-item-inner\"><a data-caption-title=\"DE 4 PUNTAS\" data-attachment-id=\"337\" data-type=\"image\" class=\"fg-thumb\"><span class=\"fg-image-wrap\"><img decoding=\"async\" width=\"750\" height=\"850\" class=\"skip-lazy fg-image\" data-src-fg=\"https:\/\/eltallerdelpa.com\/wp-content\/uploads\/2018\/05\/4Puntas-1-1.jpg\" src=\"data:image\/svg+xml,%3Csvg%20xmlns%3D%22http%3A%2F%2Fwww.w3.org%2F2000%2Fsvg%22%20width%3D%22750%22%20height%3D%22850%22%20viewBox%3D%220%200%20750%20850%22%3E%3C%2Fsvg%3E\" loading=\"eager\"><\/span><span class=\"fg-image-overlay\"><\/span><\/a><figcaption class=\"fg-caption\"><div class=\"fg-caption-inner\"><div class=\"fg-caption-title\">DE 4 PUNTAS<\/div><\/div><\/figcaption><\/figure><div class=\"fg-loader\"><\/div><\/div><\/div>\r\n<\/div><div id=\"panel-13-2-1-1\" class=\"so-panel widget widget_sow-editor panel-last-child\" data-index=\"10\" ><div\n\t\t\t\n\t\t\tclass=\"so-widget-sow-editor so-widget-sow-editor-base\"\n\t\t\t\n\t\t>\n<div class=\"siteorigin-widget-tinymce textwidget\">\n\t<p style=\"text-align: center;\">DE 4 PUNTAS<\/p>\n<p>La evoluci\u00f3n de la barra, de dos a cuatro corruscos. Para evitar peleas entre los apasionados de las puntas.<\/p>\n<\/div>\n<\/div><\/div><\/div><div id=\"pgc-13-2-2\"  class=\"panel-grid-cell\" ><div id=\"panel-13-2-2-0\" class=\"so-panel widget widget_foogallery_widget foogallery_widget panel-first-child\" data-index=\"11\" ><style type=\"text\/css\">\r\n\t#foogallery-gallery-338 .fg-image {\r\n        width: 750px;\r\n    }\r\n<\/style>\r\n\t\t\t\t<div class=\"foogallery foogallery-container foogallery-default foogallery-lightbox-none fg-gutter-10 fg-center fg-default fg-light fg-border-thin fg-shadow-outline fg-loading-default fg-loaded-fade-in fg-caption-hover fg-hover-fade fg-ready\" id=\"foogallery-gallery-338\" data-foogallery=\"{&quot;item&quot;:{&quot;showCaptionTitle&quot;:true,&quot;showCaptionDescription&quot;:true},&quot;lazy&quot;:true}\" >\r\n\t<div class=\"fg-item fg-type-image fg-idle\"><figure class=\"fg-item-inner\"><a data-caption-title=\"EL MONTA\u00d1\u00c9S\" data-attachment-id=\"437\" data-type=\"image\" class=\"fg-thumb\"><span class=\"fg-image-wrap\"><img decoding=\"async\" width=\"750\" height=\"850\" class=\"skip-lazy fg-image\" data-src-fg=\"https:\/\/eltallerdelpa.com\/wp-content\/uploads\/2018\/05\/Monta\u00f1\u00e9s-12.jpg\" src=\"data:image\/svg+xml,%3Csvg%20xmlns%3D%22http%3A%2F%2Fwww.w3.org%2F2000%2Fsvg%22%20width%3D%22750%22%20height%3D%22850%22%20viewBox%3D%220%200%20750%20850%22%3E%3C%2Fsvg%3E\" loading=\"eager\"><\/span><span class=\"fg-image-overlay\"><\/span><\/a><figcaption class=\"fg-caption\"><div class=\"fg-caption-inner\"><div class=\"fg-caption-title\">EL MONTA\u00d1\u00c9S<\/div><\/div><\/figcaption><\/figure><div class=\"fg-loader\"><\/div><\/div><\/div>\r\n<\/div><div id=\"panel-13-2-2-1\" class=\"so-panel widget widget_sow-editor panel-last-child\" data-index=\"12\" ><div\n\t\t\t\n\t\t\tclass=\"so-widget-sow-editor so-widget-sow-editor-base\"\n\t\t\t\n\t\t>\n<div class=\"siteorigin-widget-tinymce textwidget\">\n\t<p style=\"text-align: center;\">EL MONTA\u00d1\u00c9S<\/p>\n<p>Hecho con harina de trigo, masa madre y un largo reposo. Es un pan de sabor \u00e1cido y denso muy adecuado para tostar y acompa\u00f1ar de embutidos, pat\u00e9s y quesos<\/p>\n<\/div>\n<\/div><\/div><\/div><\/div><div id=\"pg-13-3\"  class=\"panel-grid panel-no-style\" ><div id=\"pgc-13-3-0\"  class=\"panel-grid-cell\" ><div id=\"panel-13-3-0-0\" class=\"so-panel widget widget_sow-editor panel-first-child panel-last-child\" data-index=\"13\" ><div\n\t\t\t\n\t\t\tclass=\"so-widget-sow-editor so-widget-sow-editor-base\"\n\t\t\t\n\t\t>\n<div class=\"siteorigin-widget-tinymce textwidget\">\n\t<h5 style=\"text-align: center;\">DE ELABORACI\u00d3N TRADICIONAL MEDITERR\u00c1NEA<\/h5>\n<h6>El pan catal\u00e1n se confecciona con harina de trigo blanco, tiene una corteza m\u00e1s blanda y fina, y una miga esponjosa.<\/h6>\n<\/div>\n<\/div><\/div><\/div><\/div><div id=\"pg-13-4\"  class=\"panel-grid panel-no-style\" ><div id=\"pgc-13-4-0\"  class=\"panel-grid-cell\" ><div id=\"panel-13-4-0-0\" class=\"so-panel widget widget_foogallery_widget foogallery_widget panel-first-child\" data-index=\"14\" ><style type=\"text\/css\">\r\n\t#foogallery-gallery-350 .fg-image {\r\n        width: 750px;\r\n    }\r\n<\/style>\r\n\t\t\t\t<div class=\"foogallery foogallery-container foogallery-default foogallery-lightbox-none fg-gutter-10 fg-center fg-default fg-light fg-border-thin fg-shadow-outline fg-loading-default fg-loaded-fade-in fg-caption-hover fg-hover-fade fg-ready\" id=\"foogallery-gallery-350\" data-foogallery=\"{&quot;item&quot;:{&quot;showCaptionTitle&quot;:true,&quot;showCaptionDescription&quot;:true},&quot;lazy&quot;:true}\" >\r\n\t<div class=\"fg-item fg-type-image fg-idle\"><figure class=\"fg-item-inner\"><a data-caption-title=\"LA R\u00daSTICA\" data-attachment-id=\"513\" data-type=\"image\" class=\"fg-thumb\"><span class=\"fg-image-wrap\"><img decoding=\"async\" width=\"750\" height=\"850\" class=\"skip-lazy fg-image\" data-src-fg=\"https:\/\/eltallerdelpa.com\/wp-content\/uploads\/2018\/05\/Barra-Rustica-3-2.jpg\" src=\"data:image\/svg+xml,%3Csvg%20xmlns%3D%22http%3A%2F%2Fwww.w3.org%2F2000%2Fsvg%22%20width%3D%22750%22%20height%3D%22850%22%20viewBox%3D%220%200%20750%20850%22%3E%3C%2Fsvg%3E\" loading=\"eager\"><\/span><span class=\"fg-image-overlay\"><\/span><\/a><figcaption class=\"fg-caption\"><div class=\"fg-caption-inner\"><div class=\"fg-caption-title\">LA R\u00daSTICA<\/div><\/div><\/figcaption><\/figure><div class=\"fg-loader\"><\/div><\/div><\/div>\r\n<\/div><div id=\"panel-13-4-0-1\" class=\"so-panel widget widget_sow-editor panel-last-child\" data-index=\"15\" ><div\n\t\t\t\n\t\t\tclass=\"so-widget-sow-editor so-widget-sow-editor-base\"\n\t\t\t\n\t\t>\n<div class=\"siteorigin-widget-tinymce textwidget\">\n\t<p style=\"text-align: center;\">LA R\u00daSTICA<\/p>\n<p>El pan cotidiano, de corteza fina y dorada y miga blanca muy esponjosa<\/p>\n<\/div>\n<\/div><\/div><\/div><div id=\"pgc-13-4-1\"  class=\"panel-grid-cell\" ><div id=\"panel-13-4-1-0\" class=\"so-panel widget widget_foogallery_widget foogallery_widget panel-first-child\" data-index=\"16\" ><style type=\"text\/css\">\r\n\t#foogallery-gallery-351 .fg-image {\r\n        width: 750px;\r\n    }\r\n<\/style>\r\n\t\t\t\t<div class=\"foogallery foogallery-container foogallery-default foogallery-lightbox-none fg-gutter-10 fg-center fg-default fg-light fg-border-thin fg-shadow-outline fg-loading-default fg-loaded-fade-in fg-caption-hover fg-hover-fade fg-ready\" id=\"foogallery-gallery-351\" data-foogallery=\"{&quot;item&quot;:{&quot;showCaptionTitle&quot;:true,&quot;showCaptionDescription&quot;:true},&quot;lazy&quot;:true}\" >\r\n\t<div class=\"fg-item fg-type-image fg-idle\"><figure class=\"fg-item-inner\"><a data-caption-title=\"MEDITERR\u00c1NEO\" data-attachment-id=\"439\" data-type=\"image\" class=\"fg-thumb\"><span class=\"fg-image-wrap\"><img decoding=\"async\" width=\"750\" height=\"850\" class=\"skip-lazy fg-image\" data-src-fg=\"https:\/\/eltallerdelpa.com\/wp-content\/uploads\/2018\/05\/Hoagza-Gallega-2.jpg\" src=\"data:image\/svg+xml,%3Csvg%20xmlns%3D%22http%3A%2F%2Fwww.w3.org%2F2000%2Fsvg%22%20width%3D%22750%22%20height%3D%22850%22%20viewBox%3D%220%200%20750%20850%22%3E%3C%2Fsvg%3E\" loading=\"eager\"><\/span><span class=\"fg-image-overlay\"><\/span><\/a><figcaption class=\"fg-caption\"><div class=\"fg-caption-inner\"><div class=\"fg-caption-title\">MEDITERR\u00c1NEO<\/div><\/div><\/figcaption><\/figure><div class=\"fg-loader\"><\/div><\/div><\/div>\r\n<\/div><div id=\"panel-13-4-1-1\" class=\"so-panel widget widget_sow-editor panel-last-child\" data-index=\"17\" ><div\n\t\t\t\n\t\t\tclass=\"so-widget-sow-editor so-widget-sow-editor-base\"\n\t\t\t\n\t\t>\n<div class=\"siteorigin-widget-tinymce textwidget\">\n\t<p style=\"text-align: center;\">MEDITERR\u00c1NEO<\/p>\n<p>De corteza fina y dorada y con una miga muy de textura blanda<\/p>\n<\/div>\n<\/div><\/div><\/div><div id=\"pgc-13-4-2\"  class=\"panel-grid-cell\" ><div id=\"panel-13-4-2-0\" class=\"so-panel widget widget_foogallery_widget foogallery_widget panel-first-child\" data-index=\"18\" ><style type=\"text\/css\">\r\n\t#foogallery-gallery-668 .fg-image {\r\n        width: 750px;\r\n    }\r\n<\/style>\r\n\t\t\t\t<div class=\"foogallery foogallery-container foogallery-default foogallery-lightbox-none fg-gutter-10 fg-center fg-default fg-light fg-border-thin fg-shadow-outline fg-loading-default fg-loaded-fade-in fg-caption-hover fg-hover-fade fg-ready\" id=\"foogallery-gallery-668\" data-foogallery=\"{&quot;item&quot;:{&quot;showCaptionTitle&quot;:true,&quot;showCaptionDescription&quot;:true},&quot;lazy&quot;:true}\" >\r\n\t<div class=\"fg-item fg-type-image fg-idle\"><figure class=\"fg-item-inner\"><a data-caption-title=\"EL PA DE PAG\u00c9S\" data-attachment-id=\"669\" data-type=\"image\" class=\"fg-thumb\"><span class=\"fg-image-wrap\"><img decoding=\"async\" width=\"750\" height=\"850\" class=\"skip-lazy fg-image\" data-src-fg=\"https:\/\/eltallerdelpa.com\/wp-content\/uploads\/2018\/07\/image1-1.jpeg\" src=\"data:image\/svg+xml,%3Csvg%20xmlns%3D%22http%3A%2F%2Fwww.w3.org%2F2000%2Fsvg%22%20width%3D%22750%22%20height%3D%22850%22%20viewBox%3D%220%200%20750%20850%22%3E%3C%2Fsvg%3E\" loading=\"eager\"><\/span><span class=\"fg-image-overlay\"><\/span><\/a><figcaption class=\"fg-caption\"><div class=\"fg-caption-inner\"><div class=\"fg-caption-title\">EL PA DE PAG\u00c9S<\/div><\/div><\/figcaption><\/figure><div class=\"fg-loader\"><\/div><\/div><\/div>\r\n<\/div><div id=\"panel-13-4-2-1\" class=\"so-panel widget widget_sow-editor panel-last-child\" data-index=\"19\" ><div\n\t\t\t\n\t\t\tclass=\"so-widget-sow-editor so-widget-sow-editor-base\"\n\t\t\t\n\t\t>\n<div class=\"siteorigin-widget-tinymce textwidget\">\n\t<p style=\"text-align: center;\">PA DE PAG\u00c9S<\/p>\n<p>De miga uniforme, es el pan id\u00f3neo para el pa amb tom\u00e0quet<\/p>\n<\/div>\n<\/div><\/div><\/div><\/div><div id=\"pg-13-5\"  class=\"panel-grid panel-no-style\" ><div id=\"pgc-13-5-0\"  class=\"panel-grid-cell\" ><div id=\"panel-13-5-0-0\" class=\"so-panel widget widget_foogallery_widget foogallery_widget panel-first-child\" data-index=\"20\" ><style type=\"text\/css\">\r\n\t#foogallery-gallery-617 .fg-image {\r\n        width: 750px;\r\n    }\r\n<\/style>\r\n\t\t\t\t<div class=\"foogallery foogallery-container foogallery-default foogallery-lightbox-none fg-gutter-10 fg-center fg-default fg-light fg-border-thin fg-shadow-outline fg-loading-default fg-loaded-fade-in fg-caption-hover fg-hover-fade fg-ready\" id=\"foogallery-gallery-617\" data-foogallery=\"{&quot;item&quot;:{&quot;showCaptionTitle&quot;:true,&quot;showCaptionDescription&quot;:true},&quot;lazy&quot;:true}\" >\r\n\t<div class=\"fg-item fg-type-image fg-idle\"><figure class=\"fg-item-inner\"><a data-caption-title=\"LA CHAPATA\" data-attachment-id=\"618\" data-type=\"image\" class=\"fg-thumb\"><span class=\"fg-image-wrap\"><img decoding=\"async\" width=\"750\" height=\"850\" class=\"skip-lazy fg-image\" data-src-fg=\"https:\/\/eltallerdelpa.com\/wp-content\/uploads\/2018\/07\/image1.jpeg\" src=\"data:image\/svg+xml,%3Csvg%20xmlns%3D%22http%3A%2F%2Fwww.w3.org%2F2000%2Fsvg%22%20width%3D%22750%22%20height%3D%22850%22%20viewBox%3D%220%200%20750%20850%22%3E%3C%2Fsvg%3E\" loading=\"eager\"><\/span><span class=\"fg-image-overlay\"><\/span><\/a><figcaption class=\"fg-caption\"><div class=\"fg-caption-inner\"><div class=\"fg-caption-title\">LA CHAPATA<\/div><\/div><\/figcaption><\/figure><div class=\"fg-loader\"><\/div><\/div><\/div>\r\n<\/div><div id=\"panel-13-5-0-1\" class=\"so-panel widget widget_sow-editor panel-last-child\" data-index=\"21\" ><div\n\t\t\t\n\t\t\tclass=\"so-widget-sow-editor so-widget-sow-editor-base\"\n\t\t\t\n\t\t>\n<div class=\"siteorigin-widget-tinymce textwidget\">\n\t<p style=\"text-align: center;\">LA CHAPATA<\/p>\n<p>Un pan muy hidratado delicado y tierno, con miga alveolada y suave.<\/p>\n<\/div>\n<\/div><\/div><\/div><div id=\"pgc-13-5-1\"  class=\"panel-grid-cell panel-grid-cell-empty panel-grid-cell-mobile-last\" ><\/div><div id=\"pgc-13-5-2\"  class=\"panel-grid-cell panel-grid-cell-empty\" ><\/div><\/div><div id=\"pg-13-6\"  class=\"panel-grid panel-no-style\" ><div id=\"pgc-13-6-0\"  class=\"panel-grid-cell\" ><div id=\"panel-13-6-0-0\" class=\"so-panel widget widget_sow-editor panel-first-child panel-last-child\" data-index=\"22\" ><div\n\t\t\t\n\t\t\tclass=\"so-widget-sow-editor so-widget-sow-editor-base\"\n\t\t\t\n\t\t>\n<div class=\"siteorigin-widget-tinymce textwidget\">\n\t<h5 style=\"text-align: center;\">PANES ECOL\u00d3GICOS<\/h5>\n<h5><\/h5>\n<\/div>\n<\/div><\/div><\/div><\/div><div id=\"pg-13-7\"  class=\"panel-grid panel-no-style\" ><div id=\"pgc-13-7-0\"  class=\"panel-grid-cell\" ><div id=\"panel-13-7-0-0\" class=\"so-panel widget widget_foogallery_widget foogallery_widget panel-first-child\" data-index=\"23\" ><style type=\"text\/css\">\r\n\t#foogallery-gallery-359 .fg-image {\r\n        width: 750px;\r\n    }\r\n<\/style>\r\n\t\t\t\t<div class=\"foogallery foogallery-container foogallery-default foogallery-lightbox-none fg-gutter-10 fg-center fg-default fg-light fg-border-thin fg-shadow-outline fg-loading-default fg-loaded-fade-in fg-caption-hover fg-hover-fade fg-ready\" id=\"foogallery-gallery-359\" data-foogallery=\"{&quot;item&quot;:{&quot;showCaptionTitle&quot;:true,&quot;showCaptionDescription&quot;:true},&quot;lazy&quot;:true}\" >\r\n\t<div class=\"fg-item fg-type-iframe fg-idle\"><figure class=\"fg-item-inner\"><a href=\"https:\/\/eltallerdelpa.com\/?attachment_id=360\" data-caption-title=\"KAMUT\" data-caption-desc=\"KAMUT\" data-attachment-id=\"360\" data-type=\"iframe\" class=\"fg-thumb\"><span class=\"fg-image-wrap\"><img decoding=\"async\" width=\"750\" height=\"850\" class=\"skip-lazy fg-image\" data-src-fg=\"https:\/\/eltallerdelpa.com\/wp-content\/uploads\/2018\/05\/Kamut-5.jpg\" src=\"data:image\/svg+xml,%3Csvg%20xmlns%3D%22http%3A%2F%2Fwww.w3.org%2F2000%2Fsvg%22%20width%3D%22750%22%20height%3D%22850%22%20viewBox%3D%220%200%20750%20850%22%3E%3C%2Fsvg%3E\" loading=\"eager\"><\/span><span class=\"fg-image-overlay\"><\/span><\/a><figcaption class=\"fg-caption\"><div class=\"fg-caption-inner\"><div class=\"fg-caption-title\">KAMUT<\/div><div class=\"fg-caption-desc\">KAMUT<\/div><\/div><\/figcaption><\/figure><div class=\"fg-loader\"><\/div><\/div><\/div>\r\n<\/div><div id=\"panel-13-7-0-1\" class=\"so-panel widget widget_sow-editor panel-last-child\" data-index=\"24\" ><div\n\t\t\t\n\t\t\tclass=\"so-widget-sow-editor so-widget-sow-editor-base\"\n\t\t\t\n\t\t>\n<div class=\"siteorigin-widget-tinymce textwidget\">\n\t<p style=\"text-align: center;\">KAMUT<\/p>\n<p>La variedad de trigo m\u00e1s antigua que se conoce y que se ha recuperado por su riqueza nutricional y efecto antioxidante. De sabor m\u00e1s gustoso por ser rico en minerales. Al ser un cereal que s\u00f3lo se cultiva en producci\u00f3n ecol\u00f3gica, produce menos alergias e intolerancias que el trigo com\u00fan.<\/p>\n<\/div>\n<\/div><\/div><\/div><div id=\"pgc-13-7-1\"  class=\"panel-grid-cell\" ><div id=\"panel-13-7-1-0\" class=\"so-panel widget widget_foogallery_widget foogallery_widget panel-first-child\" data-index=\"25\" ><style type=\"text\/css\">\r\n\t#foogallery-gallery-632 .fg-image {\r\n        width: 750px;\r\n    }\r\n<\/style>\r\n\t\t\t\t<div class=\"foogallery foogallery-container foogallery-default foogallery-lightbox-none fg-gutter-10 fg-center fg-default fg-light fg-border-thin fg-shadow-outline fg-loading-default fg-loaded-fade-in fg-caption-hover fg-hover-fade fg-ready\" id=\"foogallery-gallery-632\" data-foogallery=\"{&quot;item&quot;:{&quot;showCaptionTitle&quot;:true,&quot;showCaptionDescription&quot;:true},&quot;lazy&quot;:true}\" >\r\n\t<div class=\"fg-item fg-type-image fg-idle\"><figure class=\"fg-item-inner\"><a data-caption-title=\"ESPELTA\" data-attachment-id=\"633\" data-type=\"image\" class=\"fg-thumb\"><span class=\"fg-image-wrap\"><img decoding=\"async\" width=\"750\" height=\"850\" class=\"skip-lazy fg-image\" data-src-fg=\"https:\/\/eltallerdelpa.com\/wp-content\/uploads\/2018\/07\/Espelta-3.jpg\" src=\"data:image\/svg+xml,%3Csvg%20xmlns%3D%22http%3A%2F%2Fwww.w3.org%2F2000%2Fsvg%22%20width%3D%22750%22%20height%3D%22850%22%20viewBox%3D%220%200%20750%20850%22%3E%3C%2Fsvg%3E\" loading=\"eager\"><\/span><span class=\"fg-image-overlay\"><\/span><\/a><figcaption class=\"fg-caption\"><div class=\"fg-caption-inner\"><div class=\"fg-caption-title\">ESPELTA<\/div><\/div><\/figcaption><\/figure><div class=\"fg-loader\"><\/div><\/div><\/div>\r\n<\/div><div id=\"panel-13-7-1-1\" class=\"so-panel widget widget_sow-editor panel-last-child\" data-index=\"26\" ><div\n\t\t\t\n\t\t\tclass=\"so-widget-sow-editor so-widget-sow-editor-base\"\n\t\t\t\n\t\t>\n<div class=\"siteorigin-widget-tinymce textwidget\">\n\t<p style=\"text-align: center;\">ESPELTA<\/p>\n<p>Es un cereal que ha estado a punto de desaparecer debido al bajo rendimiento productivo, eso es precisamente lo que ha hecho que no haya sido sometido a procesos de variaciones y mejoras. M\u00e9dicos y dietistas lo recomiendan por la f\u00e1cil asimilaci\u00f3n de sus ricos nutrientes y propiedades.<\/p>\n<\/div>\n<\/div><\/div><\/div><div id=\"pgc-13-7-2\"  class=\"panel-grid-cell\" ><div id=\"panel-13-7-2-0\" class=\"so-panel widget widget_foogallery_widget foogallery_widget panel-first-child\" data-index=\"27\" ><style type=\"text\/css\">\r\n\t#foogallery-gallery-630 .fg-image {\r\n        width: 750px;\r\n    }\r\n<\/style>\r\n\t\t\t\t<div class=\"foogallery foogallery-container foogallery-default foogallery-lightbox-none fg-gutter-10 fg-center fg-default fg-light fg-border-thin fg-shadow-outline fg-loading-default fg-loaded-fade-in fg-caption-hover fg-hover-fade fg-ready\" id=\"foogallery-gallery-630\" data-foogallery=\"{&quot;item&quot;:{&quot;showCaptionTitle&quot;:true,&quot;showCaptionDescription&quot;:true},&quot;lazy&quot;:true}\" >\r\n\t<div class=\"fg-item fg-type-image fg-idle\"><figure class=\"fg-item-inner\"><a data-caption-title=\"ESPELTA INTEGRAL\" data-attachment-id=\"631\" data-type=\"image\" class=\"fg-thumb\"><span class=\"fg-image-wrap\"><img decoding=\"async\" width=\"750\" height=\"850\" class=\"skip-lazy fg-image\" data-src-fg=\"https:\/\/eltallerdelpa.com\/wp-content\/uploads\/2018\/07\/Espelta-integral-9.jpg\" src=\"data:image\/svg+xml,%3Csvg%20xmlns%3D%22http%3A%2F%2Fwww.w3.org%2F2000%2Fsvg%22%20width%3D%22750%22%20height%3D%22850%22%20viewBox%3D%220%200%20750%20850%22%3E%3C%2Fsvg%3E\" loading=\"eager\"><\/span><span class=\"fg-image-overlay\"><\/span><\/a><figcaption class=\"fg-caption\"><div class=\"fg-caption-inner\"><div class=\"fg-caption-title\">ESPELTA INTEGRAL<\/div><\/div><\/figcaption><\/figure><div class=\"fg-loader\"><\/div><\/div><\/div>\r\n<\/div><div id=\"panel-13-7-2-1\" class=\"so-panel widget widget_sow-editor panel-last-child\" data-index=\"28\" ><div\n\t\t\t\n\t\t\tclass=\"so-widget-sow-editor so-widget-sow-editor-base\"\n\t\t\t\n\t\t>\n<div class=\"siteorigin-widget-tinymce textwidget\">\n\t<p style=\"text-align: center;\">ESPELTA INTEGRAL<\/p>\n<p>Las mismas propiedades que la espelta con un mayor aporte de fibra por ser integral. Nutricionalmente muy completo<\/p>\n<\/div>\n<\/div><\/div><\/div><\/div><div id=\"pg-13-8\"  class=\"panel-grid panel-no-style\" ><div id=\"pgc-13-8-0\"  class=\"panel-grid-cell\" ><div id=\"panel-13-8-0-0\" class=\"so-panel widget widget_foogallery_widget foogallery_widget panel-first-child\" data-index=\"29\" ><style type=\"text\/css\">\r\n\t#foogallery-gallery-670 .fg-image {\r\n        width: 750px;\r\n    }\r\n<\/style>\r\n\t\t\t\t<div class=\"foogallery foogallery-container foogallery-default foogallery-lightbox-none fg-gutter-10 fg-center fg-default fg-light fg-border-thin fg-shadow-outline fg-loading-default fg-loaded-fade-in fg-caption-hover fg-hover-fade fg-ready\" id=\"foogallery-gallery-670\" data-foogallery=\"{&quot;item&quot;:{&quot;showCaptionTitle&quot;:true,&quot;showCaptionDescription&quot;:true},&quot;lazy&quot;:true}\" >\r\n\t<div class=\"fg-item fg-type-image fg-idle\"><figure class=\"fg-item-inner\"><a data-caption-title=\"CENTENO\" data-attachment-id=\"671\" data-type=\"image\" class=\"fg-thumb\"><span class=\"fg-image-wrap\"><img decoding=\"async\" width=\"750\" height=\"850\" class=\"skip-lazy fg-image\" data-src-fg=\"https:\/\/eltallerdelpa.com\/wp-content\/uploads\/2018\/07\/image3-1.jpeg\" src=\"data:image\/svg+xml,%3Csvg%20xmlns%3D%22http%3A%2F%2Fwww.w3.org%2F2000%2Fsvg%22%20width%3D%22750%22%20height%3D%22850%22%20viewBox%3D%220%200%20750%20850%22%3E%3C%2Fsvg%3E\" loading=\"eager\"><\/span><span class=\"fg-image-overlay\"><\/span><\/a><figcaption class=\"fg-caption\"><div class=\"fg-caption-inner\"><div class=\"fg-caption-title\">CENTENO<\/div><\/div><\/figcaption><\/figure><div class=\"fg-loader\"><\/div><\/div><\/div>\r\n<\/div><div id=\"panel-13-8-0-1\" class=\"so-panel widget widget_sow-editor panel-last-child\" data-index=\"30\" ><div\n\t\t\t\n\t\t\tclass=\"so-widget-sow-editor so-widget-sow-editor-base\"\n\t\t\t\n\t\t>\n<div class=\"siteorigin-widget-tinymce textwidget\">\n\t<p style=\"text-align: center;\">CENTENO<\/p>\n<p>Uno de los cereales m\u00e1s completos por su alto contenido en nutrientes esenciales y valor energ\u00e9tico. Con un contenido bajo en gluten es el pan ideal para deportistas y dietas para perder peso.<\/p>\n<\/div>\n<\/div><\/div><\/div><div id=\"pgc-13-8-1\"  class=\"panel-grid-cell\" ><div id=\"panel-13-8-1-0\" class=\"so-panel widget widget_foogallery_widget foogallery_widget panel-first-child\" data-index=\"31\" ><style type=\"text\/css\">\r\n\t#foogallery-gallery-358 .fg-image {\r\n        width: 750px;\r\n    }\r\n<\/style>\r\n\t\t\t\t<div class=\"foogallery foogallery-container foogallery-default foogallery-lightbox-none fg-gutter-10 fg-center fg-default fg-light fg-border-thin fg-shadow-outline fg-loading-default fg-loaded-fade-in fg-caption-hover fg-hover-fade fg-ready\" id=\"foogallery-gallery-358\" data-foogallery=\"{&quot;item&quot;:{&quot;showCaptionTitle&quot;:true,&quot;showCaptionDescription&quot;:true},&quot;lazy&quot;:true}\" >\r\n\t<div class=\"fg-item fg-type-image fg-idle\"><figure class=\"fg-item-inner\"><a data-caption-title=\"LA CHAPATA\" data-attachment-id=\"515\" data-type=\"image\" class=\"fg-thumb\"><span class=\"fg-image-wrap\"><img decoding=\"async\" width=\"750\" height=\"850\" class=\"skip-lazy fg-image\" data-src-fg=\"https:\/\/eltallerdelpa.com\/wp-content\/uploads\/2018\/05\/Panesvarios-obrador-15-2.jpg\" src=\"data:image\/svg+xml,%3Csvg%20xmlns%3D%22http%3A%2F%2Fwww.w3.org%2F2000%2Fsvg%22%20width%3D%22750%22%20height%3D%22850%22%20viewBox%3D%220%200%20750%20850%22%3E%3C%2Fsvg%3E\" loading=\"eager\"><\/span><span class=\"fg-image-overlay\"><\/span><\/a><figcaption class=\"fg-caption\"><div class=\"fg-caption-inner\"><div class=\"fg-caption-title\">LA CHAPATA<\/div><\/div><\/figcaption><\/figure><div class=\"fg-loader\"><\/div><\/div><\/div>\r\n<\/div><div id=\"panel-13-8-1-1\" class=\"so-panel widget widget_sow-editor panel-last-child\" data-index=\"32\" ><div\n\t\t\t\n\t\t\tclass=\"so-widget-sow-editor so-widget-sow-editor-base\"\n\t\t\t\n\t\t>\n<div class=\"siteorigin-widget-tinymce textwidget\">\n\t<p style=\"text-align: center;\">CENTENO CON MIEL<\/p>\n<p>&nbsp;<\/p>\n<\/div>\n<\/div><\/div><\/div><div id=\"pgc-13-8-2\"  class=\"panel-grid-cell\" ><div id=\"panel-13-8-2-0\" class=\"so-panel widget widget_foogallery_widget foogallery_widget panel-first-child\" data-index=\"33\" ><style type=\"text\/css\">\r\n\t#foogallery-gallery-524 .fg-image {\r\n        width: 750px;\r\n    }\r\n<\/style>\r\n\t\t\t\t<div class=\"foogallery foogallery-container foogallery-default foogallery-lightbox-none fg-gutter-10 fg-center fg-default fg-light fg-border-thin fg-shadow-outline fg-loading-default fg-loaded-fade-in fg-caption-hover fg-hover-fade fg-ready\" id=\"foogallery-gallery-524\" data-foogallery=\"{&quot;item&quot;:{&quot;showCaptionTitle&quot;:true,&quot;showCaptionDescription&quot;:true},&quot;lazy&quot;:true}\" >\r\n\t<div class=\"fg-item fg-type-image fg-idle\"><figure class=\"fg-item-inner\"><a data-caption-title=\"CENTENO FRUTOS SECOS\" data-attachment-id=\"525\" data-type=\"image\" class=\"fg-thumb\"><span class=\"fg-image-wrap\"><img decoding=\"async\" width=\"750\" height=\"850\" class=\"skip-lazy fg-image\" data-src-fg=\"https:\/\/eltallerdelpa.com\/wp-content\/uploads\/2018\/06\/Centeno-Frutos-secos-9.jpg\" src=\"data:image\/svg+xml,%3Csvg%20xmlns%3D%22http%3A%2F%2Fwww.w3.org%2F2000%2Fsvg%22%20width%3D%22750%22%20height%3D%22850%22%20viewBox%3D%220%200%20750%20850%22%3E%3C%2Fsvg%3E\" loading=\"eager\"><\/span><span class=\"fg-image-overlay\"><\/span><\/a><figcaption class=\"fg-caption\"><div class=\"fg-caption-inner\"><div class=\"fg-caption-title\">CENTENO FRUTOS SECOS<\/div><\/div><\/figcaption><\/figure><div class=\"fg-loader\"><\/div><\/div><\/div>\r\n<\/div><div id=\"panel-13-8-2-1\" class=\"so-panel widget widget_sow-editor panel-last-child\" data-index=\"34\" ><div\n\t\t\t\n\t\t\tclass=\"so-widget-sow-editor so-widget-sow-editor-base\"\n\t\t\t\n\t\t>\n<div class=\"siteorigin-widget-tinymce textwidget\">\n\t<p style=\"text-align: center;\">CENTENO CON FRUTOS SECOS<\/p>\n<p>Los frutos secos son fuente de minerales. Aportan magnesio, f\u00f3sforo, potasio,calcio, hierro y oligoelementos como el zinc y el selenio, con propiedades antioxidantes.<\/p>\n<\/div>\n<\/div><\/div><\/div><\/div><div id=\"pg-13-9\"  class=\"panel-grid panel-no-style\" ><div id=\"pgc-13-9-0\"  class=\"panel-grid-cell\" ><div id=\"panel-13-9-0-0\" class=\"so-panel widget widget_foogallery_widget foogallery_widget panel-first-child\" data-index=\"35\" ><style type=\"text\/css\">\r\n\t#foogallery-gallery-528 .fg-image {\r\n        width: 750px;\r\n    }\r\n<\/style>\r\n\t\t\t\t<div class=\"foogallery foogallery-container foogallery-default foogallery-lightbox-none fg-gutter-10 fg-center fg-default fg-light fg-border-thin fg-shadow-outline fg-loading-default fg-loaded-fade-in fg-caption-hover fg-hover-fade fg-ready\" id=\"foogallery-gallery-528\" data-foogallery=\"{&quot;item&quot;:{&quot;showCaptionTitle&quot;:true,&quot;showCaptionDescription&quot;:true},&quot;lazy&quot;:true}\" >\r\n\t<div class=\"fg-item fg-type-image fg-idle\"><figure class=\"fg-item-inner\"><a data-caption-title=\"TRIGO SARRACENO\" data-attachment-id=\"529\" data-type=\"image\" class=\"fg-thumb\"><span class=\"fg-image-wrap\"><img decoding=\"async\" width=\"750\" height=\"850\" class=\"skip-lazy fg-image\" data-src-fg=\"https:\/\/eltallerdelpa.com\/wp-content\/uploads\/2018\/06\/Panesvarios-obrador-14.jpg\" src=\"data:image\/svg+xml,%3Csvg%20xmlns%3D%22http%3A%2F%2Fwww.w3.org%2F2000%2Fsvg%22%20width%3D%22750%22%20height%3D%22850%22%20viewBox%3D%220%200%20750%20850%22%3E%3C%2Fsvg%3E\" loading=\"eager\"><\/span><span class=\"fg-image-overlay\"><\/span><\/a><figcaption class=\"fg-caption\"><div class=\"fg-caption-inner\"><div class=\"fg-caption-title\">TRIGO SARRACENO<\/div><\/div><\/figcaption><\/figure><div class=\"fg-loader\"><\/div><\/div><\/div>\r\n<\/div><div id=\"panel-13-9-0-1\" class=\"so-panel widget widget_sow-editor panel-last-child\" data-index=\"36\" ><div\n\t\t\t\n\t\t\tclass=\"so-widget-sow-editor so-widget-sow-editor-base\"\n\t\t\t\n\t\t>\n<div class=\"siteorigin-widget-tinymce textwidget\">\n\t<p style=\"text-align: center;\">TRIGO SARRACENO<\/p>\n<p>Este pan est\u00e1 elaborado con trigo sarraceno y trigo. El sarraceno es un cereal que no contiene gluten, con un alto aporte en prote\u00edna y especialmente rico en el amino\u00e1cido lisina, este pan es ideal para reducir la ingesta de gluten.<\/p>\n<\/div>\n<\/div><\/div><\/div><div id=\"pgc-13-9-1\"  class=\"panel-grid-cell panel-grid-cell-mobile-last\" ><div id=\"panel-13-9-1-0\" class=\"so-panel widget widget_foogallery_widget foogallery_widget panel-first-child\" data-index=\"37\" ><style type=\"text\/css\">\r\n\t#foogallery-gallery-717 .fg-image {\r\n        width: 750px;\r\n    }\r\n<\/style>\r\n\t\t\t\t<div class=\"foogallery foogallery-container foogallery-default foogallery-lightbox-none fg-gutter-10 fg-center fg-default fg-light fg-border-thin fg-shadow-outline fg-loading-default fg-loaded-fade-in fg-caption-hover fg-hover-fade fg-ready\" id=\"foogallery-gallery-717\" data-foogallery=\"{&quot;item&quot;:{&quot;showCaptionTitle&quot;:true,&quot;showCaptionDescription&quot;:true},&quot;lazy&quot;:true}\" >\r\n\t<div class=\"fg-item fg-type-image fg-idle\"><figure class=\"fg-item-inner\"><a data-caption-title=\"REY LOCO\" data-attachment-id=\"718\" data-type=\"image\" class=\"fg-thumb\"><span class=\"fg-image-wrap\"><img decoding=\"async\" width=\"750\" height=\"850\" class=\"skip-lazy fg-image\" data-src-fg=\"https:\/\/eltallerdelpa.com\/wp-content\/uploads\/2020\/04\/image.jpg\" src=\"data:image\/svg+xml,%3Csvg%20xmlns%3D%22http%3A%2F%2Fwww.w3.org%2F2000%2Fsvg%22%20width%3D%22750%22%20height%3D%22850%22%20viewBox%3D%220%200%20750%20850%22%3E%3C%2Fsvg%3E\" loading=\"eager\"><\/span><span class=\"fg-image-overlay\"><\/span><\/a><figcaption class=\"fg-caption\"><div class=\"fg-caption-inner\"><div class=\"fg-caption-title\">REY LOCO<\/div><\/div><\/figcaption><\/figure><div class=\"fg-loader\"><\/div><\/div><\/div>\r\n<\/div><div id=\"panel-13-9-1-1\" class=\"so-panel widget widget_sow-editor panel-last-child\" data-index=\"38\" ><div\n\t\t\t\n\t\t\tclass=\"so-widget-sow-editor so-widget-sow-editor-base\"\n\t\t\t\n\t\t>\n<div class=\"siteorigin-widget-tinymce textwidget\">\n\t<p style=\"text-align: center;\">REY LOCO<\/p>\n<p>Hecho con harina de centeno integral ecol\u00f3gica y espelta integral ecol\u00f3gica. De miga muy densa y sabor intenso. Aporta fibra, de bajo \u00edndice gluc\u00e9mico, es el pan m\u00e1s nutritivo y sano de todos.<\/p>\n<\/div>\n<\/div><\/div><\/div><div id=\"pgc-13-9-2\"  class=\"panel-grid-cell panel-grid-cell-empty\" ><\/div><\/div><div id=\"pg-13-10\"  class=\"panel-grid panel-no-style\" ><div id=\"pgc-13-10-0\"  class=\"panel-grid-cell\" ><div id=\"panel-13-10-0-0\" class=\"so-panel widget widget_sow-editor panel-first-child panel-last-child\" data-index=\"39\" ><div\n\t\t\t\n\t\t\tclass=\"so-widget-sow-editor so-widget-sow-editor-base\"\n\t\t\t\n\t\t>\n<div class=\"siteorigin-widget-tinymce textwidget\">\n\t<h5 style=\"text-align: center;\">PANES DE CEREALES Y SEMILLAS<\/h5>\n<\/div>\n<\/div><\/div><\/div><\/div><div id=\"pg-13-11\"  class=\"panel-grid panel-no-style\" ><div id=\"pgc-13-11-0\"  class=\"panel-grid-cell\" ><div id=\"panel-13-11-0-0\" class=\"so-panel widget widget_foogallery_widget foogallery_widget panel-first-child\" data-index=\"40\" ><style type=\"text\/css\">\r\n\t#foogallery-gallery-530 .fg-image {\r\n        width: 750px;\r\n    }\r\n<\/style>\r\n\t\t\t\t<div class=\"foogallery foogallery-container foogallery-default foogallery-lightbox-none fg-gutter-10 fg-center fg-default fg-light fg-border-thin fg-shadow-outline fg-loading-default fg-loaded-fade-in fg-caption-hover fg-hover-fade fg-ready\" id=\"foogallery-gallery-530\" data-foogallery=\"{&quot;item&quot;:{&quot;showCaptionTitle&quot;:true,&quot;showCaptionDescription&quot;:true},&quot;lazy&quot;:true}\" >\r\n\t<div class=\"fg-item fg-type-image fg-idle\"><figure class=\"fg-item-inner\"><a data-caption-title=\"DE 4 CEREALES\" data-attachment-id=\"531\" data-type=\"image\" class=\"fg-thumb\"><span class=\"fg-image-wrap\"><img decoding=\"async\" width=\"750\" height=\"850\" class=\"skip-lazy fg-image\" data-src-fg=\"https:\/\/eltallerdelpa.com\/wp-content\/uploads\/2018\/06\/Molde-4-cereales-2.jpg\" src=\"data:image\/svg+xml,%3Csvg%20xmlns%3D%22http%3A%2F%2Fwww.w3.org%2F2000%2Fsvg%22%20width%3D%22750%22%20height%3D%22850%22%20viewBox%3D%220%200%20750%20850%22%3E%3C%2Fsvg%3E\" loading=\"eager\"><\/span><span class=\"fg-image-overlay\"><\/span><\/a><figcaption class=\"fg-caption\"><div class=\"fg-caption-inner\"><div class=\"fg-caption-title\">DE 4 CEREALES<\/div><\/div><\/figcaption><\/figure><div class=\"fg-loader\"><\/div><\/div><\/div>\r\n<\/div><div id=\"panel-13-11-0-1\" class=\"so-panel widget widget_sow-editor panel-last-child\" data-index=\"41\" ><div\n\t\t\t\n\t\t\tclass=\"so-widget-sow-editor so-widget-sow-editor-base\"\n\t\t\t\n\t\t>\n<div class=\"siteorigin-widget-tinymce textwidget\">\n\t<p style=\"text-align: center;\">DE CUATRO CEREALES (REDONDO Y BARRA)<\/p>\n<p>la incorporaci\u00f3n de semillas da como resultado un pan rico en fibra y de un sabor tostado.<\/p>\n<\/div>\n<\/div><\/div><\/div><div id=\"pgc-13-11-1\"  class=\"panel-grid-cell\" ><div id=\"panel-13-11-1-0\" class=\"so-panel widget widget_foogallery_widget foogallery_widget panel-first-child\" data-index=\"42\" ><style type=\"text\/css\">\r\n\t#foogallery-gallery-532 .fg-image {\r\n        width: 750px;\r\n    }\r\n<\/style>\r\n\t\t\t\t<div class=\"foogallery foogallery-container foogallery-default foogallery-lightbox-none fg-gutter-10 fg-center fg-default fg-light fg-border-thin fg-shadow-outline fg-loading-default fg-loaded-fade-in fg-caption-hover fg-hover-fade fg-ready\" id=\"foogallery-gallery-532\" data-foogallery=\"{&quot;item&quot;:{&quot;showCaptionTitle&quot;:true,&quot;showCaptionDescription&quot;:true},&quot;lazy&quot;:true}\" >\r\n\t<div class=\"fg-item fg-type-image fg-idle\"><figure class=\"fg-item-inner\"><a data-caption-title=\"BERLIN\u00c9S\" data-attachment-id=\"533\" data-type=\"image\" class=\"fg-thumb\"><span class=\"fg-image-wrap\"><img decoding=\"async\" width=\"750\" height=\"850\" class=\"skip-lazy fg-image\" data-src-fg=\"https:\/\/eltallerdelpa.com\/wp-content\/uploads\/2018\/06\/Berlin\u00e9s-1.jpg\" src=\"data:image\/svg+xml,%3Csvg%20xmlns%3D%22http%3A%2F%2Fwww.w3.org%2F2000%2Fsvg%22%20width%3D%22750%22%20height%3D%22850%22%20viewBox%3D%220%200%20750%20850%22%3E%3C%2Fsvg%3E\" loading=\"eager\"><\/span><span class=\"fg-image-overlay\"><\/span><\/a><figcaption class=\"fg-caption\"><div class=\"fg-caption-inner\"><div class=\"fg-caption-title\">BERLIN\u00c9S<\/div><\/div><\/figcaption><\/figure><div class=\"fg-loader\"><\/div><\/div><\/div>\r\n<\/div><div id=\"panel-13-11-1-1\" class=\"so-panel widget widget_sow-editor panel-last-child\" data-index=\"43\" ><div\n\t\t\t\n\t\t\tclass=\"so-widget-sow-editor so-widget-sow-editor-base\"\n\t\t\t\n\t\t>\n<div class=\"siteorigin-widget-tinymce textwidget\">\n\t<p style=\"text-align: center;\">BERLIN\u00c9S (CHUSCO Y BARRA)<\/p>\n<p>La versi\u00f3n hispana del pan alem\u00e1n\" Con semillas y mezcla de diferentes cereales.<\/p>\n<\/div>\n<\/div><\/div><\/div><div id=\"pgc-13-11-2\"  class=\"panel-grid-cell\" ><div id=\"panel-13-11-2-0\" class=\"so-panel widget widget_foogallery_widget foogallery_widget panel-first-child\" data-index=\"44\" ><style type=\"text\/css\">\r\n\t#foogallery-gallery-534 .fg-image {\r\n        width: 750px;\r\n    }\r\n<\/style>\r\n\t\t\t\t<div class=\"foogallery foogallery-container foogallery-default foogallery-lightbox-none fg-gutter-10 fg-center fg-default fg-light fg-border-thin fg-shadow-outline fg-loading-default fg-loaded-fade-in fg-caption-hover fg-hover-fade fg-ready\" id=\"foogallery-gallery-534\" data-foogallery=\"{&quot;item&quot;:{&quot;showCaptionTitle&quot;:true,&quot;showCaptionDescription&quot;:true},&quot;lazy&quot;:true}\" >\r\n\t<div class=\"fg-item fg-type-image fg-idle\"><figure class=\"fg-item-inner\"><a data-caption-title=\"11 CEREALES\" data-attachment-id=\"537\" data-type=\"image\" class=\"fg-thumb\"><span class=\"fg-image-wrap\"><img decoding=\"async\" width=\"750\" height=\"850\" class=\"skip-lazy fg-image\" data-src-fg=\"https:\/\/eltallerdelpa.com\/wp-content\/uploads\/2018\/06\/11-Cereals-7.jpg\" src=\"data:image\/svg+xml,%3Csvg%20xmlns%3D%22http%3A%2F%2Fwww.w3.org%2F2000%2Fsvg%22%20width%3D%22750%22%20height%3D%22850%22%20viewBox%3D%220%200%20750%20850%22%3E%3C%2Fsvg%3E\" loading=\"eager\"><\/span><span class=\"fg-image-overlay\"><\/span><\/a><figcaption class=\"fg-caption\"><div class=\"fg-caption-inner\"><div class=\"fg-caption-title\">11 CEREALES<\/div><\/div><\/figcaption><\/figure><div class=\"fg-loader\"><\/div><\/div><\/div>\r\n<\/div><div id=\"panel-13-11-2-1\" class=\"so-panel widget widget_sow-editor panel-last-child\" data-index=\"45\" ><div\n\t\t\t\n\t\t\tclass=\"so-widget-sow-editor so-widget-sow-editor-base\"\n\t\t\t\n\t\t>\n<div class=\"siteorigin-widget-tinymce textwidget\">\n\t<p style=\"text-align: center;\">DE ONCE CEREALES<\/p>\n<p>Casi todos los cereales reunidos en un pan excelente\" Ideal para las tostadas del desayuno.<\/p>\n<\/div>\n<\/div><\/div><\/div><\/div><div id=\"pg-13-12\"  class=\"panel-grid panel-no-style\" ><div id=\"pgc-13-12-0\"  class=\"panel-grid-cell\" ><div id=\"panel-13-12-0-0\" class=\"so-panel widget widget_sow-editor panel-first-child panel-last-child\" data-index=\"46\" ><div\n\t\t\t\n\t\t\tclass=\"so-widget-sow-editor so-widget-sow-editor-base\"\n\t\t\t\n\t\t>\n<div class=\"siteorigin-widget-tinymce textwidget\">\n\t<h5 style=\"text-align: center;\">PANES CON FRUTAS<\/h5>\n<h5><\/h5>\n<\/div>\n<\/div><\/div><\/div><\/div><div id=\"pg-13-13\"  class=\"panel-grid panel-no-style\" ><div id=\"pgc-13-13-0\"  class=\"panel-grid-cell\" ><div id=\"panel-13-13-0-0\" class=\"so-panel widget widget_foogallery_widget foogallery_widget panel-first-child\" data-index=\"47\" ><style type=\"text\/css\">\r\n\t#foogallery-gallery-672 .fg-image {\r\n        width: 750px;\r\n    }\r\n<\/style>\r\n\t\t\t\t<div class=\"foogallery foogallery-container foogallery-default foogallery-lightbox-none fg-gutter-10 fg-center fg-default fg-light fg-border-thin fg-shadow-outline fg-loading-default fg-loaded-fade-in fg-caption-hover fg-hover-fade fg-ready\" id=\"foogallery-gallery-672\" data-foogallery=\"{&quot;item&quot;:{&quot;showCaptionTitle&quot;:true,&quot;showCaptionDescription&quot;:true},&quot;lazy&quot;:true}\" >\r\n\t<div class=\"fg-item fg-type-image fg-idle\"><figure class=\"fg-item-inner\"><a data-caption-title=\"EL DE NUECES\" data-attachment-id=\"673\" data-type=\"image\" class=\"fg-thumb\"><span class=\"fg-image-wrap\"><img decoding=\"async\" width=\"750\" height=\"850\" class=\"skip-lazy fg-image\" data-src-fg=\"https:\/\/eltallerdelpa.com\/wp-content\/uploads\/2018\/07\/image4-1.jpeg\" src=\"data:image\/svg+xml,%3Csvg%20xmlns%3D%22http%3A%2F%2Fwww.w3.org%2F2000%2Fsvg%22%20width%3D%22750%22%20height%3D%22850%22%20viewBox%3D%220%200%20750%20850%22%3E%3C%2Fsvg%3E\" loading=\"eager\"><\/span><span class=\"fg-image-overlay\"><\/span><\/a><figcaption class=\"fg-caption\"><div class=\"fg-caption-inner\"><div class=\"fg-caption-title\">EL DE NUECES<\/div><\/div><\/figcaption><\/figure><div class=\"fg-loader\"><\/div><\/div><\/div>\r\n<\/div><div id=\"panel-13-13-0-1\" class=\"so-panel widget widget_sow-editor panel-last-child\" data-index=\"48\" ><div\n\t\t\t\n\t\t\tclass=\"so-widget-sow-editor so-widget-sow-editor-base\"\n\t\t\t\n\t\t>\n<div class=\"siteorigin-widget-tinymce textwidget\">\n\t<p style=\"text-align: center;\">DE NUECES<\/p>\n<p>La manera m\u00e1s sencilla de incorporar a nuestra dieta los beneficios de las nueces.<\/p>\n<\/div>\n<\/div><\/div><\/div><div id=\"pgc-13-13-1\"  class=\"panel-grid-cell\" ><div id=\"panel-13-13-1-0\" class=\"so-panel widget widget_foogallery_widget foogallery_widget panel-first-child\" data-index=\"49\" ><style type=\"text\/css\">\r\n\t#foogallery-gallery-538 .fg-image {\r\n        width: 750px;\r\n    }\r\n<\/style>\r\n\t\t\t\t<div class=\"foogallery foogallery-container foogallery-default foogallery-lightbox-none fg-gutter-10 fg-center fg-default fg-light fg-border-thin fg-shadow-outline fg-loading-default fg-loaded-fade-in fg-caption-hover fg-hover-fade fg-ready\" id=\"foogallery-gallery-538\" data-foogallery=\"{&quot;item&quot;:{&quot;showCaptionTitle&quot;:true,&quot;showCaptionDescription&quot;:true},&quot;lazy&quot;:true}\" >\r\n\t<div class=\"fg-item fg-type-image fg-idle\"><figure class=\"fg-item-inner\"><a data-caption-title=\"DE NUECES Y PASAS\" data-attachment-id=\"539\" data-type=\"image\" class=\"fg-thumb\"><span class=\"fg-image-wrap\"><img decoding=\"async\" width=\"750\" height=\"850\" class=\"skip-lazy fg-image\" data-src-fg=\"https:\/\/eltallerdelpa.com\/wp-content\/uploads\/2018\/06\/NuecesyPasas-7.jpg\" src=\"data:image\/svg+xml,%3Csvg%20xmlns%3D%22http%3A%2F%2Fwww.w3.org%2F2000%2Fsvg%22%20width%3D%22750%22%20height%3D%22850%22%20viewBox%3D%220%200%20750%20850%22%3E%3C%2Fsvg%3E\" loading=\"eager\"><\/span><span class=\"fg-image-overlay\"><\/span><\/a><figcaption class=\"fg-caption\"><div class=\"fg-caption-inner\"><div class=\"fg-caption-title\">DE NUECES Y PASAS<\/div><\/div><\/figcaption><\/figure><div class=\"fg-loader\"><\/div><\/div><\/div>\r\n<\/div><div id=\"panel-13-13-1-1\" class=\"so-panel widget widget_sow-editor panel-last-child\" data-index=\"50\" ><div\n\t\t\t\n\t\t\tclass=\"so-widget-sow-editor so-widget-sow-editor-base\"\n\t\t\t\n\t\t>\n<div class=\"siteorigin-widget-tinymce textwidget\">\n\t<p style=\"text-align: center;\">DE NUECES CON PASAS<\/p>\n<p>Una uni\u00f3n equilibrada, el sutil sabor amargo de las nueces mezclado con el dulzor de las pasas... Irresistible.<\/p>\n<\/div>\n<\/div><\/div><\/div><div id=\"pgc-13-13-2\"  class=\"panel-grid-cell\" ><div id=\"panel-13-13-2-0\" class=\"so-panel widget widget_foogallery_widget foogallery_widget panel-first-child\" data-index=\"51\" ><style type=\"text\/css\">\r\n\t#foogallery-gallery-540 .fg-image {\r\n        width: 750px;\r\n    }\r\n<\/style>\r\n\t\t\t\t<div class=\"foogallery foogallery-container foogallery-default foogallery-lightbox-none fg-gutter-10 fg-center fg-default fg-light fg-border-thin fg-shadow-outline fg-loading-default fg-loaded-fade-in fg-caption-hover fg-hover-fade fg-ready\" id=\"foogallery-gallery-540\" data-foogallery=\"{&quot;item&quot;:{&quot;showCaptionTitle&quot;:true,&quot;showCaptionDescription&quot;:true},&quot;lazy&quot;:true}\" >\r\n\t<div class=\"fg-item fg-type-image fg-idle\"><figure class=\"fg-item-inner\"><a data-caption-title=\"DE PASAS\" data-attachment-id=\"541\" data-type=\"image\" class=\"fg-thumb\"><span class=\"fg-image-wrap\"><img decoding=\"async\" width=\"750\" height=\"850\" class=\"skip-lazy fg-image\" data-src-fg=\"https:\/\/eltallerdelpa.com\/wp-content\/uploads\/2018\/06\/Tienda-23.jpg\" src=\"data:image\/svg+xml,%3Csvg%20xmlns%3D%22http%3A%2F%2Fwww.w3.org%2F2000%2Fsvg%22%20width%3D%22750%22%20height%3D%22850%22%20viewBox%3D%220%200%20750%20850%22%3E%3C%2Fsvg%3E\" loading=\"eager\"><\/span><span class=\"fg-image-overlay\"><\/span><\/a><figcaption class=\"fg-caption\"><div class=\"fg-caption-inner\"><div class=\"fg-caption-title\">DE PASAS<\/div><\/div><\/figcaption><\/figure><div class=\"fg-loader\"><\/div><\/div><\/div>\r\n<\/div><div id=\"panel-13-13-2-1\" class=\"so-panel widget widget_sow-editor panel-last-child\" data-index=\"52\" ><div\n\t\t\t\n\t\t\tclass=\"so-widget-sow-editor so-widget-sow-editor-base\"\n\t\t\t\n\t\t>\n<div class=\"siteorigin-widget-tinymce textwidget\">\n\t<p style=\"text-align: center;\">DE PASAS<\/p>\n<p><span style=\"text-decoration: underline;\">U<\/span>n ligero toque dulce con la base tierna del trigo.<\/p>\n<\/div>\n<\/div><\/div><\/div><\/div><div id=\"pg-13-14\"  class=\"panel-grid panel-no-style\" ><div id=\"pgc-13-14-0\"  class=\"panel-grid-cell\" ><div id=\"panel-13-14-0-0\" class=\"so-panel widget widget_foogallery_widget foogallery_widget panel-first-child\" data-index=\"53\" ><style type=\"text\/css\">\r\n\t#foogallery-gallery-693 .fg-image {\r\n        width: 750px;\r\n    }\r\n<\/style>\r\n\t\t\t\t<div class=\"foogallery foogallery-container foogallery-default foogallery-lightbox-none fg-gutter-10 fg-center fg-default fg-light fg-border-thin fg-shadow-outline fg-loading-default fg-loaded-fade-in fg-caption-hover fg-hover-fade fg-ready\" id=\"foogallery-gallery-693\" data-foogallery=\"{&quot;item&quot;:{&quot;showCaptionTitle&quot;:true,&quot;showCaptionDescription&quot;:true},&quot;lazy&quot;:true}\" >\r\n\t<div class=\"fg-item fg-type-image fg-idle\"><figure class=\"fg-item-inner\"><a data-caption-title=\"EL DE AR\u00c1NDANOS\" data-attachment-id=\"694\" data-type=\"image\" class=\"fg-thumb\"><span class=\"fg-image-wrap\"><img decoding=\"async\" width=\"750\" height=\"850\" class=\"skip-lazy fg-image\" data-src-fg=\"https:\/\/eltallerdelpa.com\/wp-content\/uploads\/2018\/07\/image5-2.jpeg\" src=\"data:image\/svg+xml,%3Csvg%20xmlns%3D%22http%3A%2F%2Fwww.w3.org%2F2000%2Fsvg%22%20width%3D%22750%22%20height%3D%22850%22%20viewBox%3D%220%200%20750%20850%22%3E%3C%2Fsvg%3E\" loading=\"eager\"><\/span><span class=\"fg-image-overlay\"><\/span><\/a><figcaption class=\"fg-caption\"><div class=\"fg-caption-inner\"><div class=\"fg-caption-title\">EL DE AR\u00c1NDANOS<\/div><\/div><\/figcaption><\/figure><div class=\"fg-loader\"><\/div><\/div><\/div>\r\n<\/div><div id=\"panel-13-14-0-1\" class=\"so-panel widget widget_sow-editor panel-last-child\" data-index=\"54\" ><div\n\t\t\t\n\t\t\tclass=\"so-widget-sow-editor so-widget-sow-editor-base\"\n\t\t\t\n\t\t>\n<div class=\"siteorigin-widget-tinymce textwidget\">\n\t<p style=\"text-align: center;\">DE AR\u00c1NDANOS<\/p>\n<p>Los frutos del bosque que contienen muy pocos az\u00facares, gran poder antioxidante y antiadherente. Con esta receta conseguimos un pan delicado con un ligero toque \u00e1cido.<\/p>\n<\/div>\n<\/div><\/div><\/div><div id=\"pgc-13-14-1\"  class=\"panel-grid-cell\" ><div id=\"panel-13-14-1-0\" class=\"so-panel widget widget_foogallery_widget foogallery_widget panel-first-child\" data-index=\"55\" ><style type=\"text\/css\">\r\n\t#foogallery-gallery-542 .fg-image {\r\n        width: 750px;\r\n    }\r\n<\/style>\r\n\t\t\t\t<div class=\"foogallery foogallery-container foogallery-default foogallery-lightbox-none fg-gutter-10 fg-center fg-default fg-light fg-border-thin fg-shadow-outline fg-loading-default fg-loaded-fade-in fg-caption-hover fg-hover-fade fg-ready\" id=\"foogallery-gallery-542\" data-foogallery=\"{&quot;item&quot;:{&quot;showCaptionTitle&quot;:true,&quot;showCaptionDescription&quot;:true},&quot;lazy&quot;:true}\" >\r\n\t<div class=\"fg-item fg-type-image fg-idle\"><figure class=\"fg-item-inner\"><a data-caption-title=\"DE HIGOS\" data-attachment-id=\"543\" data-type=\"image\" class=\"fg-thumb\"><span class=\"fg-image-wrap\"><img decoding=\"async\" width=\"750\" height=\"850\" class=\"skip-lazy fg-image\" data-src-fg=\"https:\/\/eltallerdelpa.com\/wp-content\/uploads\/2018\/06\/NuecesyPasas-1.jpg\" src=\"data:image\/svg+xml,%3Csvg%20xmlns%3D%22http%3A%2F%2Fwww.w3.org%2F2000%2Fsvg%22%20width%3D%22750%22%20height%3D%22850%22%20viewBox%3D%220%200%20750%20850%22%3E%3C%2Fsvg%3E\" loading=\"eager\"><\/span><span class=\"fg-image-overlay\"><\/span><\/a><figcaption class=\"fg-caption\"><div class=\"fg-caption-inner\"><div class=\"fg-caption-title\">DE HIGOS<\/div><\/div><\/figcaption><\/figure><div class=\"fg-loader\"><\/div><\/div><\/div>\r\n<\/div><div id=\"panel-13-14-1-1\" class=\"so-panel widget widget_sow-editor panel-last-child\" data-index=\"56\" ><div\n\t\t\t\n\t\t\tclass=\"so-widget-sow-editor so-widget-sow-editor-base\"\n\t\t\t\n\t\t>\n<div class=\"siteorigin-widget-tinymce textwidget\">\n\t<p style=\"text-align: center;\">DE HIGOS<\/p>\n<p>Los suculentos higos, dulces y nutritivos confieren a este pan un sabor muy caracter\u00edstico.<\/p>\n<\/div>\n<\/div><\/div><\/div><div id=\"pgc-13-14-2\"  class=\"panel-grid-cell\" ><div id=\"panel-13-14-2-0\" class=\"so-panel widget widget_foogallery_widget foogallery_widget panel-first-child\" data-index=\"57\" ><style type=\"text\/css\">\r\n\t#foogallery-gallery-704 .fg-image {\r\n        width: 750px;\r\n    }\r\n<\/style>\r\n\t\t\t\t<div class=\"foogallery foogallery-container foogallery-default foogallery-lightbox-none fg-gutter-10 fg-center fg-default fg-light fg-border-thin fg-shadow-outline fg-loading-default fg-loaded-fade-in fg-caption-hover fg-hover-fade fg-ready\" id=\"foogallery-gallery-704\" data-foogallery=\"{&quot;item&quot;:{&quot;showCaptionTitle&quot;:true,&quot;showCaptionDescription&quot;:true},&quot;lazy&quot;:true}\" >\r\n\t<div class=\"fg-item fg-type-image fg-idle\"><figure class=\"fg-item-inner\"><a data-attachment-id=\"705\" data-type=\"image\" class=\"fg-thumb\"><span class=\"fg-image-wrap\"><img decoding=\"async\" width=\"750\" height=\"850\" class=\"skip-lazy fg-image\" data-src-fg=\"https:\/\/eltallerdelpa.com\/wp-content\/uploads\/2018\/07\/Detalles-Obrador-5.jpg\" src=\"data:image\/svg+xml,%3Csvg%20xmlns%3D%22http%3A%2F%2Fwww.w3.org%2F2000%2Fsvg%22%20width%3D%22750%22%20height%3D%22850%22%20viewBox%3D%220%200%20750%20850%22%3E%3C%2Fsvg%3E\" loading=\"eager\"><\/span><span class=\"fg-image-overlay\"><\/span><\/a><figcaption class=\"fg-caption\"><div class=\"fg-caption-inner\"><\/div><\/figcaption><\/figure><div class=\"fg-loader\"><\/div><\/div><\/div>\r\n<\/div><div id=\"panel-13-14-2-1\" class=\"so-panel widget widget_sow-editor panel-last-child\" data-index=\"58\" ><div\n\t\t\t\n\t\t\tclass=\"so-widget-sow-editor so-widget-sow-editor-base\"\n\t\t\t\n\t\t>\n<div class=\"siteorigin-widget-tinymce textwidget\">\n\t<p style=\"text-align: center;\">DE OLIVAS<\/p>\n<p>El aut\u00e9ntico sabor mediterr\u00e1neo.<\/p>\n<\/div>\n<\/div><\/div><\/div><\/div><div id=\"pg-13-15\"  class=\"panel-grid panel-no-style\" ><div id=\"pgc-13-15-0\"  class=\"panel-grid-cell\" ><div id=\"panel-13-15-0-0\" class=\"so-panel widget widget_foogallery_widget foogallery_widget panel-first-child\" data-index=\"59\" ><style type=\"text\/css\">\r\n\t#foogallery-gallery-544 .fg-image {\r\n        width: 750px;\r\n    }\r\n<\/style>\r\n\t\t\t\t<div class=\"foogallery foogallery-container foogallery-default foogallery-lightbox-none fg-gutter-10 fg-center fg-default fg-light fg-border-thin fg-shadow-outline fg-loading-default fg-loaded-fade-in fg-caption-hover fg-hover-fade fg-ready\" id=\"foogallery-gallery-544\" data-foogallery=\"{&quot;item&quot;:{&quot;showCaptionTitle&quot;:true,&quot;showCaptionDescription&quot;:true},&quot;lazy&quot;:true}\" >\r\n\t<div class=\"fg-item fg-type-image fg-idle\"><figure class=\"fg-item-inner\"><a data-caption-title=\"DE CEBOLLA\" data-attachment-id=\"545\" data-type=\"image\" class=\"fg-thumb\"><span class=\"fg-image-wrap\"><img decoding=\"async\" width=\"750\" height=\"850\" class=\"skip-lazy fg-image\" data-src-fg=\"https:\/\/eltallerdelpa.com\/wp-content\/uploads\/2018\/06\/Panesvarios-obrador-17.jpg\" src=\"data:image\/svg+xml,%3Csvg%20xmlns%3D%22http%3A%2F%2Fwww.w3.org%2F2000%2Fsvg%22%20width%3D%22750%22%20height%3D%22850%22%20viewBox%3D%220%200%20750%20850%22%3E%3C%2Fsvg%3E\" loading=\"eager\"><\/span><span class=\"fg-image-overlay\"><\/span><\/a><figcaption class=\"fg-caption\"><div class=\"fg-caption-inner\"><div class=\"fg-caption-title\">DE CEBOLLA<\/div><\/div><\/figcaption><\/figure><div class=\"fg-loader\"><\/div><\/div><\/div>\r\n<\/div><div id=\"panel-13-15-0-1\" class=\"so-panel widget widget_sow-editor panel-last-child\" data-index=\"60\" ><div\n\t\t\t\n\t\t\tclass=\"so-widget-sow-editor so-widget-sow-editor-base\"\n\t\t\t\n\t\t>\n<div class=\"siteorigin-widget-tinymce textwidget\">\n\t<p style=\"text-align: center;\">DE CEBOLLA<\/p>\n<p>El suave pan salado, ideal para mezclar con quesos tiernos.<\/p>\n<\/div>\n<\/div><\/div><\/div><div id=\"pgc-13-15-1\"  class=\"panel-grid-cell panel-grid-cell-empty panel-grid-cell-mobile-last\" ><\/div><div id=\"pgc-13-15-2\"  class=\"panel-grid-cell panel-grid-cell-empty\" ><\/div><\/div><\/div>","protected":false},"excerpt":{"rendered":"<p>DE ELABORACI\u00d3N TRADICIONAL GALLEGA El pan gallego se caracteriza por elaborarse con trigo y centeno, tener una corteza dura y gruesa, y una miga alveolada. LA BARRA De miga oscura y tierna y corteza gruesa y crujiente. Para acompa\u00f1ar todas las comidas. EL CHUSCO Elaborado igual que la barra, pero &hellip; <\/p>\n","protected":false},"author":1,"featured_media":0,"parent":0,"menu_order":0,"comment_status":"closed","ping_status":"closed","template":"","meta":{"footnotes":""},"class_list":["post-13","page","type-page","status-publish","hentry"],"_links":{"self":[{"href":"https:\/\/eltallerdelpa.com\/index.php?rest_route=\/wp\/v2\/pages\/13"}],"collection":[{"href":"https:\/\/eltallerdelpa.com\/index.php?rest_route=\/wp\/v2\/pages"}],"about":[{"href":"https:\/\/eltallerdelpa.com\/index.php?rest_route=\/wp\/v2\/types\/page"}],"author":[{"embeddable":true,"href":"https:\/\/eltallerdelpa.com\/index.php?rest_route=\/wp\/v2\/users\/1"}],"replies":[{"embeddable":true,"href":"https:\/\/eltallerdelpa.com\/index.php?rest_route=%2Fwp%2Fv2%2Fcomments&post=13"}],"version-history":[{"count":127,"href":"https:\/\/eltallerdelpa.com\/index.php?rest_route=\/wp\/v2\/pages\/13\/revisions"}],"predecessor-version":[{"id":721,"href":"https:\/\/eltallerdelpa.com\/index.php?rest_route=\/wp\/v2\/pages\/13\/revisions\/721"}],"wp:attachment":[{"href":"https:\/\/eltallerdelpa.com\/index.php?rest_route=%2Fwp%2Fv2%2Fmedia&parent=13"}],"curies":[{"name":"wp","href":"https:\/\/api.w.org\/{rel}","templated":true}]}}